{"id":1431,"date":"2019-04-09T16:51:12","date_gmt":"2019-04-09T14:51:12","guid":{"rendered":"http:\/\/www.musikverlag-nickel.eu\/NEWS-BLOG\/?page_id=1431"},"modified":"2019-04-09T16:53:22","modified_gmt":"2019-04-09T14:53:22","slug":"amaroncello","status":"publish","type":"page","link":"http:\/\/www.musikverlag-nickel.eu\/NEWS-BLOG\/?page_id=1431","title":{"rendered":"AMARONCELLO"},"content":{"rendered":"\n<p>Asiago, irgendwann im August 2010, abends. War es ein Tag voller Proben, Kl\u00e4ngen? War er stressig, lustig, angenehm? War er sonnig, hat es geregnet? Wo waren meine Gedanken? Ich wei\u00df es nicht mehr. Nichts davon. Umso mehr haben sich mir eine Situation, ein Satz und ein Geschmack eingepr\u00e4gt, die diesem Abend entsprangen. Ich komme an die Hotelbar und Julius Berger setzt sich zu mir. \u201eKomm, jetzt kosten wir etwas ganz besonderes\u201c, meinte Julius im Gespr\u00e4ch, und das war der Beginn einer wunderbaren Freundschaft. Nicht der mit Julius und seiner Familie, die war n\u00e4mlich schon in vollem Gange, denn Julius\u2019 musikalische sowie menschliche Offenheit und Intuition meiner Musik gegen\u00fcber war ein wichtiger Meilenstein meines Werdeganges. Nein, an diesem Abend in Asiago war es die beginnende Freundschaft zu einem fruchtig lieblichen Geschmack, zu vielf\u00e4ltigen Aromen, Bl\u00fcten, Kr\u00e4utern, schwarzen Beeren, kr\u00e4ftig harten Tanninen, einer s\u00fc\u00dfen und zugleich bitteren Ruhe der langsamen G\u00e4rung, der Reiz\u00fcberflutung. Diese Geschm\u00e4cker und Eigenschaften des AMARONE, einem der gr\u00f6\u00dften Rotweine Italiens, habe ich in meinem St\u00fcck in Musik gesetzt. Seine Intensit\u00e4t, die Emotionen die er ausl\u00f6st, die Vielschichtigkeit und der hohe Grad an Komplexit\u00e4t passen perfekt zu Julius\u2019 au\u00dfergew\u00f6hnlicher Musikalit\u00e4t und Pers\u00f6nlichkeit. Aus diesen Gedanken entstand eine Cuv\u00e9e: Der Amaroncello.<\/p>\n\n\n\n<p>Manuela Kerer: AMARONCELLO<br>f\u00fcr Violoncello solo<br>ISMN 979-0-700344-33-7 \/ MVN 96 (Part.)<br>18,- EUR<br>(erscheint in K\u00fcrze)<\/p>\n\n\n\n<ul class=\"wp-block-gallery columns-2 is-cropped wp-block-gallery-1 is-layout-flex wp-block-gallery-is-layout-flex\"><li class=\"blocks-gallery-item\"><figure><img loading=\"lazy\" decoding=\"async\" width=\"595\" height=\"841\" src=\"http:\/\/www.musikverlag-nickel.eu\/NEWS-BLOG\/wp-content\/uploads\/2019\/04\/MVN-96_Bild-1.jpg\" alt=\"\" data-id=\"1434\" data-link=\"http:\/\/www.musikverlag-nickel.eu\/NEWS-BLOG\/?attachment_id=1434#main\" class=\"wp-image-1434\" srcset=\"http:\/\/www.musikverlag-nickel.eu\/NEWS-BLOG\/wp-content\/uploads\/2019\/04\/MVN-96_Bild-1.jpg 595w, http:\/\/www.musikverlag-nickel.eu\/NEWS-BLOG\/wp-content\/uploads\/2019\/04\/MVN-96_Bild-1-212x300.jpg 212w\" sizes=\"auto, (max-width: 595px) 100vw, 595px\" \/><\/figure><\/li><li class=\"blocks-gallery-item\"><figure><img loading=\"lazy\" decoding=\"async\" width=\"595\" height=\"841\" src=\"http:\/\/www.musikverlag-nickel.eu\/NEWS-BLOG\/wp-content\/uploads\/2019\/04\/MVN-96_Bild-2.jpg\" alt=\"\" data-id=\"1435\" data-link=\"http:\/\/www.musikverlag-nickel.eu\/NEWS-BLOG\/?attachment_id=1435#main\" class=\"wp-image-1435\" srcset=\"http:\/\/www.musikverlag-nickel.eu\/NEWS-BLOG\/wp-content\/uploads\/2019\/04\/MVN-96_Bild-2.jpg 595w, http:\/\/www.musikverlag-nickel.eu\/NEWS-BLOG\/wp-content\/uploads\/2019\/04\/MVN-96_Bild-2-212x300.jpg 212w\" sizes=\"auto, (max-width: 595px) 100vw, 595px\" \/><\/figure><\/li><\/ul>\n\n\n\n<p>#Violoncello<\/p>\n","protected":false},"excerpt":{"rendered":"<p>Asiago, irgendwann im August 2010, abends. War es ein Tag voller Proben, Kl\u00e4ngen? War er stressig, lustig, angenehm? War er sonnig, hat es geregnet? Wo waren meine Gedanken? Ich wei\u00df [&hellip;]<\/p>\n","protected":false},"author":1,"featured_media":0,"parent":1424,"menu_order":0,"comment_status":"closed","ping_status":"closed","template":"","meta":{"footnotes":""},"class_list":["post-1431","page","type-page","status-publish","hentry"],"_links":{"self":[{"href":"http:\/\/www.musikverlag-nickel.eu\/NEWS-BLOG\/index.php?rest_route=\/wp\/v2\/pages\/1431","targetHints":{"allow":["GET"]}}],"collection":[{"href":"http:\/\/www.musikverlag-nickel.eu\/NEWS-BLOG\/index.php?rest_route=\/wp\/v2\/pages"}],"about":[{"href":"http:\/\/www.musikverlag-nickel.eu\/NEWS-BLOG\/index.php?rest_route=\/wp\/v2\/types\/page"}],"author":[{"embeddable":true,"href":"http:\/\/www.musikverlag-nickel.eu\/NEWS-BLOG\/index.php?rest_route=\/wp\/v2\/users\/1"}],"replies":[{"embeddable":true,"href":"http:\/\/www.musikverlag-nickel.eu\/NEWS-BLOG\/index.php?rest_route=%2Fwp%2Fv2%2Fcomments&post=1431"}],"version-history":[{"count":2,"href":"http:\/\/www.musikverlag-nickel.eu\/NEWS-BLOG\/index.php?rest_route=\/wp\/v2\/pages\/1431\/revisions"}],"predecessor-version":[{"id":1438,"href":"http:\/\/www.musikverlag-nickel.eu\/NEWS-BLOG\/index.php?rest_route=\/wp\/v2\/pages\/1431\/revisions\/1438"}],"up":[{"embeddable":true,"href":"http:\/\/www.musikverlag-nickel.eu\/NEWS-BLOG\/index.php?rest_route=\/wp\/v2\/pages\/1424"}],"wp:attachment":[{"href":"http:\/\/www.musikverlag-nickel.eu\/NEWS-BLOG\/index.php?rest_route=%2Fwp%2Fv2%2Fmedia&parent=1431"}],"curies":[{"name":"wp","href":"https:\/\/api.w.org\/{rel}","templated":true}]}}