{"id":1446,"date":"2019-04-11T08:46:49","date_gmt":"2019-04-11T06:46:49","guid":{"rendered":"http:\/\/www.musikverlag-nickel.eu\/NEWS-BLOG\/?page_id=1446"},"modified":"2025-05-17T08:05:09","modified_gmt":"2025-05-17T06:05:09","slug":"in-selbstgemachter-wasserstroemung","status":"publish","type":"page","link":"http:\/\/www.musikverlag-nickel.eu\/NEWS-BLOG\/?page_id=1446","title":{"rendered":"IN SELBSTGEMACHTER WASSERSTR\u00d6MUNG"},"content":{"rendered":"\n<p>Das Trio In selbst gemachter Wasserstr\u00f6mung f\u00fcr Klarinette, Violoncello und Klavier entstand 2012 und ist die Bearbeitung einer f\u00fcr Mehr-Musik-Augsburg komponierten Filmmusik zu zwei zwei Kurzfilmen von 2011, zu denen die St\u00fccke live gespielt wurden. Die Musik war allerdings von Anfang an auch als weitgehend unabh\u00e4ngige musikalische Form konzipiert &#8211; beg\u00fcnstigt auch durch die weit schweifenden Montagen der filmischen Vorlage.<br> <br>Dabei st\u00fctzt sich die Musik auf einen bunten Fundus musikalischer Bausteine, die zu immer neuen Formen weiter entwickelt werden. Ein fruchtbares Verfahren. Durch Zuschneiden, Dehnen, Umformen, Kombinieren, K\u00fcrzen, Variieren und Wiederholen metrischer, melodischer oder kontrapunktischer Partikel, durch den Wandel der Perspektive vom alten zum neuen bildlich-musikalischen Zusammenhang, entsteht so eine Art Paraphrase des assoziativen Denkens. Dabei ist die Faktur des ersten Satzes zu Beginn mehr auf Figur und Gestalt, als auf musikalischen Satz hin angelegt, und die Erz\u00e4hlweise eher narrativ. Erst im Laufe des ersten, und schlie\u00dflich des zweites Satzes, gewinnt das musikalische Gewebe an Wachstum und Raum.<br> <br>M\u00f6glicherweise ist die filmische Herkunft der St\u00fccke hier noch zu sp\u00fcren: Aber wenn sich die Musik etwas Erz\u00e4hlerisches bewahrt hat, so macht das sicher auch einen besonderen Reiz der St\u00fccke aus. Titel und \u00dcberschriften sind dem Roman \u201eDas steinerne Herz\u201c von Arno Schmidt entnommen.<\/p>\n\n\n\n<p>Volker Nickel: IN SELBSTGEMACHTER WASSERSTR\u00d6MUNG<br>f\u00fcr Klarinette, Violoncello und Klavier<br>ISMN 979-0-700344-16-0 \/ MVN 68 (Part.)<br>28,- EUR<br>(M\u00fcnchen, 2015)<\/p>\n\n\n\n<div class=\"wp-block-buttons is-layout-flex wp-block-buttons-is-layout-flex\">\n<div class=\"wp-block-button\"><a class=\"wp-block-button__link wp-element-button\" href=\"https:\/\/www.musikverlag-nickel.eu\/NEWS-BLOG\/?product=nickel-volker-in-selbstgemachter-wassertroemung\">Bestellen<\/a><\/div>\n<\/div>\n\n\n\n<figure class=\"wp-block-gallery has-nested-images columns-default is-cropped wp-block-gallery-1 is-layout-flex wp-block-gallery-is-layout-flex\">\n<figure class=\"wp-block-image size-large\"><img loading=\"lazy\" decoding=\"async\" width=\"724\" height=\"1024\" data-id=\"1447\" src=\"https:\/\/www.musikverlag-nickel.eu\/NEWS-BLOG\/wp-content\/uploads\/2019\/04\/MVN-68_Bild-1-724x1024.jpg\" alt=\"\" class=\"wp-image-1447\" srcset=\"http:\/\/www.musikverlag-nickel.eu\/NEWS-BLOG\/wp-content\/uploads\/2019\/04\/MVN-68_Bild-1-724x1024.jpg 724w, http:\/\/www.musikverlag-nickel.eu\/NEWS-BLOG\/wp-content\/uploads\/2019\/04\/MVN-68_Bild-1-600x848.jpg 600w, http:\/\/www.musikverlag-nickel.eu\/NEWS-BLOG\/wp-content\/uploads\/2019\/04\/MVN-68_Bild-1-212x300.jpg 212w, http:\/\/www.musikverlag-nickel.eu\/NEWS-BLOG\/wp-content\/uploads\/2019\/04\/MVN-68_Bild-1-768x1086.jpg 768w, http:\/\/www.musikverlag-nickel.eu\/NEWS-BLOG\/wp-content\/uploads\/2019\/04\/MVN-68_Bild-1-680x961.jpg 680w, http:\/\/www.musikverlag-nickel.eu\/NEWS-BLOG\/wp-content\/uploads\/2019\/04\/MVN-68_Bild-1-920x1301.jpg 920w, http:\/\/www.musikverlag-nickel.eu\/NEWS-BLOG\/wp-content\/uploads\/2019\/04\/MVN-68_Bild-1.jpg 1240w\" sizes=\"auto, (max-width: 724px) 100vw, 724px\" \/><\/figure>\n\n\n\n<figure class=\"wp-block-image size-large\"><img loading=\"lazy\" decoding=\"async\" width=\"723\" height=\"1024\" data-id=\"1448\" src=\"https:\/\/www.musikverlag-nickel.eu\/NEWS-BLOG\/wp-content\/uploads\/2019\/04\/MVN-68_Bild-2-723x1024.jpg\" alt=\"\" class=\"wp-image-1448\" srcset=\"http:\/\/www.musikverlag-nickel.eu\/NEWS-BLOG\/wp-content\/uploads\/2019\/04\/MVN-68_Bild-2-723x1024.jpg 723w, http:\/\/www.musikverlag-nickel.eu\/NEWS-BLOG\/wp-content\/uploads\/2019\/04\/MVN-68_Bild-2-600x849.jpg 600w, http:\/\/www.musikverlag-nickel.eu\/NEWS-BLOG\/wp-content\/uploads\/2019\/04\/MVN-68_Bild-2-212x300.jpg 212w, http:\/\/www.musikverlag-nickel.eu\/NEWS-BLOG\/wp-content\/uploads\/2019\/04\/MVN-68_Bild-2-768x1087.jpg 768w, http:\/\/www.musikverlag-nickel.eu\/NEWS-BLOG\/wp-content\/uploads\/2019\/04\/MVN-68_Bild-2-680x963.jpg 680w, http:\/\/www.musikverlag-nickel.eu\/NEWS-BLOG\/wp-content\/uploads\/2019\/04\/MVN-68_Bild-2-920x1302.jpg 920w, http:\/\/www.musikverlag-nickel.eu\/NEWS-BLOG\/wp-content\/uploads\/2019\/04\/MVN-68_Bild-2.jpg 1239w\" sizes=\"auto, (max-width: 723px) 100vw, 723px\" \/><\/figure>\n<\/figure>\n\n\n\n<p>#Klavier #Klarinette #Violoncello #Kammermusik #Klaviertrio<\/p>\n","protected":false},"excerpt":{"rendered":"<p>Das Trio In selbst gemachter Wasserstr\u00f6mung f\u00fcr Klarinette, Violoncello und Klavier entstand 2012 und ist die Bearbeitung einer f\u00fcr Mehr-Musik-Augsburg komponierten Filmmusik zu zwei zwei Kurzfilmen von 2011, zu denen [&hellip;]<\/p>\n","protected":false},"author":1,"featured_media":0,"parent":1372,"menu_order":0,"comment_status":"closed","ping_status":"closed","template":"","meta":{"footnotes":""},"class_list":["post-1446","page","type-page","status-publish","hentry"],"_links":{"self":[{"href":"http:\/\/www.musikverlag-nickel.eu\/NEWS-BLOG\/index.php?rest_route=\/wp\/v2\/pages\/1446","targetHints":{"allow":["GET"]}}],"collection":[{"href":"http:\/\/www.musikverlag-nickel.eu\/NEWS-BLOG\/index.php?rest_route=\/wp\/v2\/pages"}],"about":[{"href":"http:\/\/www.musikverlag-nickel.eu\/NEWS-BLOG\/index.php?rest_route=\/wp\/v2\/types\/page"}],"author":[{"embeddable":true,"href":"http:\/\/www.musikverlag-nickel.eu\/NEWS-BLOG\/index.php?rest_route=\/wp\/v2\/users\/1"}],"replies":[{"embeddable":true,"href":"http:\/\/www.musikverlag-nickel.eu\/NEWS-BLOG\/index.php?rest_route=%2Fwp%2Fv2%2Fcomments&post=1446"}],"version-history":[{"count":3,"href":"http:\/\/www.musikverlag-nickel.eu\/NEWS-BLOG\/index.php?rest_route=\/wp\/v2\/pages\/1446\/revisions"}],"predecessor-version":[{"id":2155,"href":"http:\/\/www.musikverlag-nickel.eu\/NEWS-BLOG\/index.php?rest_route=\/wp\/v2\/pages\/1446\/revisions\/2155"}],"up":[{"embeddable":true,"href":"http:\/\/www.musikverlag-nickel.eu\/NEWS-BLOG\/index.php?rest_route=\/wp\/v2\/pages\/1372"}],"wp:attachment":[{"href":"http:\/\/www.musikverlag-nickel.eu\/NEWS-BLOG\/index.php?rest_route=%2Fwp%2Fv2%2Fmedia&parent=1446"}],"curies":[{"name":"wp","href":"https:\/\/api.w.org\/{rel}","templated":true}]}}