{"id":1475,"date":"2019-04-23T09:49:41","date_gmt":"2019-04-23T07:49:41","guid":{"rendered":"http:\/\/www.musikverlag-nickel.eu\/NEWS-BLOG\/?page_id=1475"},"modified":"2019-04-23T09:52:38","modified_gmt":"2019-04-23T07:52:38","slug":"der-mensch-diese-seltene-erde","status":"publish","type":"page","link":"http:\/\/www.musikverlag-nickel.eu\/NEWS-BLOG\/?page_id=1475","title":{"rendered":"DER MENSCH, DIESE SELTENE ERDE"},"content":{"rendered":"\n<p>Es ist, als ob der Krieg mit all seinem Donner und seiner H\u00e4rte sich aufgel\u00f6st h\u00e4tte und in einem feinen Staub heute die Erde k\u00fcssen w\u00fcrde.<br> Was ist erdig an einem Ensemble von f\u00fcnf Blechbl\u00e4sern? Ihr gl\u00e4nzendes Messing verweist doch eher auf die Sph\u00e4re des Metalls zu verweisen, vielleicht noch auf die archaische Kollokation von Blut und Eisen. Diese Differenz zwischen dem Thema des aDevantgarde Komponistenfestivals, \u201eHumus\u201c, und dem Auftrag des Festivals, f\u00fcr das Blechbl\u00e4serensemble \u201eSchwerpunkt\u201c zu schreiben, war das Einfallstor f\u00fcr die Idee zu meinem St\u00fcck \u201eDer Mensch, diese seltene Erde\u201c. Sein Titel geht auf eine Gedichtzeile zur\u00fcck, die mir schon vor einigen Jahren eingefallen war, zu der ich aber das zugeh\u00f6rige Gedicht nie geschrieben habe \u2013 ich bin leider gar kein Lyriker. Der Titel ist mehrdeutig und bezieht sich nicht auf die tats\u00e4chlichen nat\u00fcrlichen Metalle der Seltenen Erden oder Rare Earth Elements: Gem\u00e4\u00df Mineralienatlas etwa Promethium, Neodym, Holmium, Dysprosium oder Samarium; ein Naturwissenschaftler bin ich auch nicht. Vielmehr verstehe ich den Begriff philosophisch als Symbol f\u00fcr den Menschen und sein vielf\u00e4ltiges Leben.<br> <br>In sieben kontrastierenden Abschnitten reflektiert und pr\u00e4sentiert das St\u00fcck solche Beziehungen des Lebens, auch des Todes, auf den Menschen. Diese Teile werden in zwei jeweils k\u00fcrzer werdenden Reprisen variiert und weiterarbeitet. Am Schlu\u00df ergeben die \u00dcberschriften der einzelnen Szenen dann doch ein Gedicht: Ein Gedicht, das nicht ich, sondern die Musik selbst geschrieben hat. Sie ist dem Andenken an Peter Rauch gewidmet.<br> <br>SATZ\u00dcBERSCHRIFTEN \/ GEDICHT<br> <br>(1) \u00a0 \u00a0 \u00a0 Der Mensch, diese seltene Erde<br>(2) \u00a0 \u00a0 \u00a0 Aus ihr geformt\/Formieren sie sich<br>(3) \u00a0 \u00a0 \u00a0 Macht sein Geist Ger\u00e4usche?<br>(4) \u00a0 \u00a0 \u00a0 Zwischen dem Tier und dem Gott\/Mu\u00df es noch ein Leben geben<br>(5) \u00a0 \u00a0 \u00a0 Wir haben einen Tod<br>(6) \u00a0 \u00a0 \u00a0 Das Blut aber arbeitet im Kreis<br>(7) \u00a0 \u00a0 \u00a0 Ich bin eine Differenz<br>(1) \u00a0 \u00a0 \u00a0 Der Mensch, diese seltene Erde<\/p>\n\n\n\n<p><em>&#8222;In allen Kontrasten ungemein farbig und pr\u00e4zise.&#8220; (S\u00fcddeutsche Zeitung)<\/em><\/p>\n\n\n\n<p>Michael B. Wei\u00df: DER MENSCH, DIESE SELTENE ERDE\u00a0<br>f\u00fcr Blechbl\u00e4serquintett op. 19\u00a0<br>ISMN 979-0-700344-22-1 \/ MVN 75 (Part.)<br>(erscheint in K\u00fcrze)<\/p>\n\n\n\n<p>#Bl\u00e4serquintett #Quintett #Kammermusik #Trompete #Horn #Posaune #Tuba<\/p>\n","protected":false},"excerpt":{"rendered":"<p>Es ist, als ob der Krieg mit all seinem Donner und seiner H\u00e4rte sich aufgel\u00f6st h\u00e4tte und in einem feinen Staub heute die Erde k\u00fcssen w\u00fcrde. Was ist erdig an [&hellip;]<\/p>\n","protected":false},"author":1,"featured_media":0,"parent":1470,"menu_order":0,"comment_status":"closed","ping_status":"closed","template":"","meta":{"footnotes":""},"class_list":["post-1475","page","type-page","status-publish","hentry"],"_links":{"self":[{"href":"http:\/\/www.musikverlag-nickel.eu\/NEWS-BLOG\/index.php?rest_route=\/wp\/v2\/pages\/1475","targetHints":{"allow":["GET"]}}],"collection":[{"href":"http:\/\/www.musikverlag-nickel.eu\/NEWS-BLOG\/index.php?rest_route=\/wp\/v2\/pages"}],"about":[{"href":"http:\/\/www.musikverlag-nickel.eu\/NEWS-BLOG\/index.php?rest_route=\/wp\/v2\/types\/page"}],"author":[{"embeddable":true,"href":"http:\/\/www.musikverlag-nickel.eu\/NEWS-BLOG\/index.php?rest_route=\/wp\/v2\/users\/1"}],"replies":[{"embeddable":true,"href":"http:\/\/www.musikverlag-nickel.eu\/NEWS-BLOG\/index.php?rest_route=%2Fwp%2Fv2%2Fcomments&post=1475"}],"version-history":[{"count":2,"href":"http:\/\/www.musikverlag-nickel.eu\/NEWS-BLOG\/index.php?rest_route=\/wp\/v2\/pages\/1475\/revisions"}],"predecessor-version":[{"id":1479,"href":"http:\/\/www.musikverlag-nickel.eu\/NEWS-BLOG\/index.php?rest_route=\/wp\/v2\/pages\/1475\/revisions\/1479"}],"up":[{"embeddable":true,"href":"http:\/\/www.musikverlag-nickel.eu\/NEWS-BLOG\/index.php?rest_route=\/wp\/v2\/pages\/1470"}],"wp:attachment":[{"href":"http:\/\/www.musikverlag-nickel.eu\/NEWS-BLOG\/index.php?rest_route=%2Fwp%2Fv2%2Fmedia&parent=1475"}],"curies":[{"name":"wp","href":"https:\/\/api.w.org\/{rel}","templated":true}]}}